{"id":1644,"date":"2024-04-09T18:41:38","date_gmt":"2024-04-09T22:41:38","guid":{"rendered":"https:\/\/limoquebec.com\/?page_id=1644"},"modified":"2025-05-16T10:15:14","modified_gmt":"2025-05-16T14:15:14","slug":"our-vehicles-limousines","status":"publish","type":"page","link":"https:\/\/limoquebec.com\/en\/our-vehicles-limousines\/","title":{"rendered":"Vehicles"},"content":{"rendered":"<p>[et_pb_section fb_built=&#8221;1&#8243; _builder_version=&#8221;4.24.3&#8243; _module_preset=&#8221;default&#8221; background_image=&#8221;https:\/\/limoquebec.com\/wp-content\/uploads\/2023\/11\/bg-limousine.webp&#8221; custom_padding=&#8221;85px||||false|false&#8221; saved_tabs=&#8221;all&#8221; global_colors_info=&#8221;{}&#8221;][et_pb_row _builder_version=&#8221;4.23.1&#8243; _module_preset=&#8221;default&#8221; global_colors_info=&#8221;{}&#8221;][et_pb_column type=&#8221;4_4&#8243; _builder_version=&#8221;4.23.1&#8243; _module_preset=&#8221;default&#8221; global_colors_info=&#8221;{}&#8221;][et_pb_text _builder_version=&#8221;4.24.3&#8243; _dynamic_attributes=&#8221;content&#8221; _module_preset=&#8221;default&#8221; text_text_color=&#8221;#FFFFFF&#8221; text_font_size=&#8221;13px&#8221; header_font=&#8221;|||on|||||&#8221; header_line_height=&#8221;1.3em&#8221; background_layout=&#8221;dark&#8221; global_colors_info=&#8221;{}&#8221;]@ET-DC@eyJkeW5hbWljIjp0cnVlLCJjb250ZW50IjoicG9zdF90aXRsZSIsInNldHRpbmdzIjp7ImJlZm9yZSI6IjxoMT4iLCJhZnRlciI6IjwvaDE+W3dwc2VvX2JyZWFkY3J1bWJdIn19@[\/et_pb_text][\/et_pb_column][\/et_pb_row][\/et_pb_section][et_pb_section fb_built=&#8221;1&#8243; _builder_version=&#8221;4.23.1&#8243; _module_preset=&#8221;default&#8221; custom_padding=&#8221;50px||50px||true|&#8221; global_colors_info=&#8221;{}&#8221;][et_pb_row column_structure=&#8221;1_2,1_2&#8243; use_custom_gutter=&#8221;on&#8221; gutter_width=&#8221;3&#8243; make_equal=&#8221;on&#8221; disabled_on=&#8221;on|on|on&#8221; _builder_version=&#8221;4.24.3&#8243; _module_preset=&#8221;default&#8221; disabled=&#8221;on&#8221; global_colors_info=&#8221;{}&#8221;][et_pb_column type=&#8221;1_2&#8243; _builder_version=&#8221;4.23.1&#8243; _module_preset=&#8221;default&#8221; global_colors_info=&#8221;{}&#8221;][et_pb_slider _builder_version=&#8221;4.24.3&#8243; _module_preset=&#8221;default&#8221; min_height=&#8221;450px&#8221; auto=&#8221;on&#8221; auto_speed=&#8221;3000&#8243; global_colors_info=&#8221;{}&#8221;][et_pb_slide _builder_version=&#8221;4.24.3&#8243; _module_preset=&#8221;default&#8221; background_enable_color=&#8221;off&#8221; background_image=&#8221;https:\/\/limoquebec.com\/wp-content\/uploads\/2024\/05\/berlineprotocolaire-1.webp&#8221; background_enable_image=&#8221;on&#8221; global_colors_info=&#8221;{}&#8221; sticky_transition=&#8221;on&#8221;][\/et_pb_slide][et_pb_slide _builder_version=&#8221;4.24.3&#8243; _module_preset=&#8221;default&#8221; background_enable_color=&#8221;off&#8221; background_image=&#8221;https:\/\/limoquebec.com\/wp-content\/uploads\/2024\/05\/berlineprotocolaire-interieur.webp&#8221; background_enable_image=&#8221;on&#8221; global_colors_info=&#8221;{}&#8221; sticky_transition=&#8221;on&#8221;][\/et_pb_slide][\/et_pb_slider][\/et_pb_column][et_pb_column type=&#8221;1_2&#8243; _builder_version=&#8221;4.23.1&#8243; _module_preset=&#8221;default&#8221; global_colors_info=&#8221;{}&#8221;][et_pb_blurb alt=&#8221;Gares de train&#8221; image_icon_width=&#8221;0%&#8221; content_max_width=&#8221;100%&#8221; _builder_version=&#8221;4.25.2&#8243; _module_preset=&#8221;default&#8221; body_font=&#8221;|||on|||||&#8221; body_text_color=&#8221;#FF6C00&#8243; body_font_size=&#8221;22px&#8221; body_line_height=&#8221;1.4em&#8221; module_alignment=&#8221;left&#8221; custom_margin=&#8221;||10px||false|false&#8221; custom_padding=&#8221;||0px||false|false&#8221; animation=&#8221;left&#8221; locked=&#8221;off&#8221; global_colors_info=&#8221;{}&#8221;]<\/p>\n<p>Sedan<\/p>\n<p>[\/et_pb_blurb][et_pb_text _builder_version=&#8221;4.25.2&#8243; _module_preset=&#8221;default&#8221; custom_margin=&#8221;||5px||false|false&#8221; custom_padding=&#8221;||||false|false&#8221; global_colors_info=&#8221;{}&#8221;]<\/p>\n<h2>Protocol sedan<\/h2>\n<ul>\n<li>All equipped with all-wheel drive.<\/li>\n<li>The classic vehicle for private transport.<\/li>\n<li>Models will be either: Lincoln Continental or Cadillac Lyriq.<\/li>\n<\/ul>\n<p><strong>Capacity :<\/strong><\/p>\n<p>[\/et_pb_text][et_pb_blurb use_icon=&#8221;on&#8221; font_icon=&#8221;&#xf007;||fa||900&#8243; icon_placement=&#8221;left&#8221; content_max_width=&#8221;100%&#8221; _builder_version=&#8221;4.24.3&#8243; _module_preset=&#8221;default&#8221; body_font_size=&#8221;20px&#8221; body_line_height=&#8221;1.4em&#8221; module_alignment=&#8221;left&#8221; custom_margin=&#8221;||10px||false|false&#8221; custom_padding=&#8221;|||15px|false|false&#8221; global_colors_info=&#8221;{}&#8221;]<\/p>\n<p>1-3 passengers<\/p>\n<p>[\/et_pb_blurb][et_pb_blurb use_icon=&#8221;on&#8221; font_icon=&#8221;&#xf5c1;||fa||900&#8243; icon_placement=&#8221;left&#8221; image_icon_width=&#8221;34px&#8221; content_max_width=&#8221;100%&#8221; _builder_version=&#8221;4.24.3&#8243; _module_preset=&#8221;default&#8221; body_font_size=&#8221;20px&#8221; body_line_height=&#8221;1.4em&#8221; image_icon_custom_padding=&#8221;|||1px|false|false&#8221; module_alignment=&#8221;left&#8221; custom_margin=&#8221;||10px||false|false&#8221; custom_padding=&#8221;|||15px|false|false&#8221; global_colors_info=&#8221;{}&#8221;]<\/p>\n<p>2 large suitcases maximum<\/p>\n<p>[\/et_pb_blurb][et_pb_blurb use_icon=&#8221;on&#8221; font_icon=&#8221;&#xf0f2;||fa||900&#8243; icon_placement=&#8221;left&#8221; content_max_width=&#8221;100%&#8221; _builder_version=&#8221;4.24.3&#8243; _module_preset=&#8221;default&#8221; body_font_size=&#8221;20px&#8221; body_line_height=&#8221;1.4em&#8221; module_alignment=&#8221;left&#8221; custom_margin=&#8221;||30px||false|false&#8221; custom_padding=&#8221;|||15px|false|false&#8221; global_colors_info=&#8221;{}&#8221;]<\/p>\n<p>1 carry-ons maximum<\/p>\n<p>[\/et_pb_blurb][et_pb_button button_url=&#8221;@ET-DC@eyJkeW5hbWljIjp0cnVlLCJjb250ZW50IjoicG9zdF9saW5rX3VybF9wYWdlIiwic2V0dGluZ3MiOnsicG9zdF9pZCI6IjEzMzUifX0=@&#8221; button_text=&#8221;Rate request&#8221; _builder_version=&#8221;4.24.3&#8243; _dynamic_attributes=&#8221;button_url&#8221; _module_preset=&#8221;default&#8221; saved_tabs=&#8221;all&#8221; global_colors_info=&#8221;{}&#8221;][\/et_pb_button][\/et_pb_column][\/et_pb_row][et_pb_row column_structure=&#8221;1_2,1_2&#8243; use_custom_gutter=&#8221;on&#8221; gutter_width=&#8221;3&#8243; make_equal=&#8221;on&#8221; _builder_version=&#8221;4.24.3&#8243; _module_preset=&#8221;default&#8221; global_colors_info=&#8221;{}&#8221;][et_pb_column type=&#8221;1_2&#8243; _builder_version=&#8221;4.23.1&#8243; _module_preset=&#8221;default&#8221; global_colors_info=&#8221;{}&#8221;][et_pb_slider _builder_version=&#8221;4.24.3&#8243; _module_preset=&#8221;default&#8221; min_height=&#8221;450px&#8221; auto=&#8221;on&#8221; auto_speed=&#8221;3000&#8243; global_colors_info=&#8221;{}&#8221;][et_pb_slide _builder_version=&#8221;4.24.3&#8243; _module_preset=&#8221;default&#8221; background_enable_color=&#8221;off&#8221; background_image=&#8221;https:\/\/limoquebec.com\/wp-content\/uploads\/2024\/05\/Berlineelectrique-exterieur.webp&#8221; background_enable_image=&#8221;on&#8221; global_colors_info=&#8221;{}&#8221; sticky_transition=&#8221;on&#8221;][\/et_pb_slide][et_pb_slide _builder_version=&#8221;4.24.3&#8243; _module_preset=&#8221;default&#8221; background_enable_color=&#8221;off&#8221; background_image=&#8221;https:\/\/limoquebec.com\/wp-content\/uploads\/2024\/05\/berlineelectrique-interieur.webp&#8221; background_enable_image=&#8221;on&#8221; global_colors_info=&#8221;{}&#8221; sticky_transition=&#8221;on&#8221;][\/et_pb_slide][et_pb_slide _builder_version=&#8221;4.24.3&#8243; _module_preset=&#8221;default&#8221; background_enable_color=&#8221;off&#8221; background_image=&#8221;https:\/\/limoquebec.com\/wp-content\/uploads\/2024\/05\/berlineelectrique-interieur-2.webp&#8221; background_enable_image=&#8221;on&#8221; global_colors_info=&#8221;{}&#8221; sticky_transition=&#8221;on&#8221;][\/et_pb_slide][\/et_pb_slider][\/et_pb_column][et_pb_column type=&#8221;1_2&#8243; _builder_version=&#8221;4.23.1&#8243; _module_preset=&#8221;default&#8221; global_colors_info=&#8221;{}&#8221;][et_pb_blurb alt=&#8221;Gares de train&#8221; image_icon_width=&#8221;0%&#8221; content_max_width=&#8221;100%&#8221; _builder_version=&#8221;4.25.2&#8243; _module_preset=&#8221;default&#8221; body_font=&#8221;|||on|||||&#8221; body_text_color=&#8221;#FF6C00&#8243; body_font_size=&#8221;22px&#8221; body_line_height=&#8221;1.4em&#8221; module_alignment=&#8221;left&#8221; custom_margin=&#8221;||10px||false|false&#8221; custom_padding=&#8221;||0px||false|false&#8221; animation=&#8221;left&#8221; locked=&#8221;off&#8221; global_colors_info=&#8221;{}&#8221;]<\/p>\n<p>SEDAN<\/p>\n<p>[\/et_pb_blurb][et_pb_text _builder_version=&#8221;4.24.3&#8243; _module_preset=&#8221;default&#8221; custom_margin=&#8221;||5px||false|false&#8221; custom_padding=&#8221;||||false|false&#8221; global_colors_info=&#8221;{}&#8221;]<\/p>\n<h2>Corporate sedan<\/h2>\n<ul>\n<li>Opt for a luxury 100% electric vehicle for your transport on request.<\/li>\n<\/ul>\n<p><strong>Capacity :<\/strong><\/p>\n<p>[\/et_pb_text][et_pb_blurb use_icon=&#8221;on&#8221; font_icon=&#8221;&#xf007;||fa||900&#8243; icon_placement=&#8221;left&#8221; content_max_width=&#8221;100%&#8221; _builder_version=&#8221;4.24.3&#8243; _module_preset=&#8221;default&#8221; body_font_size=&#8221;20px&#8221; body_line_height=&#8221;1.4em&#8221; module_alignment=&#8221;left&#8221; custom_margin=&#8221;||10px||false|false&#8221; custom_padding=&#8221;|||15px|false|false&#8221; global_colors_info=&#8221;{}&#8221;]<\/p>\n<p>1-3 passengers<\/p>\n<p>[\/et_pb_blurb][et_pb_blurb use_icon=&#8221;on&#8221; font_icon=&#8221;&#xf5c1;||fa||900&#8243; icon_placement=&#8221;left&#8221; image_icon_width=&#8221;34px&#8221; content_max_width=&#8221;100%&#8221; _builder_version=&#8221;4.24.3&#8243; _module_preset=&#8221;default&#8221; body_font_size=&#8221;20px&#8221; body_line_height=&#8221;1.4em&#8221; image_icon_custom_padding=&#8221;|||1px|false|false&#8221; module_alignment=&#8221;left&#8221; custom_margin=&#8221;||10px||false|false&#8221; custom_padding=&#8221;|||15px|false|false&#8221; global_colors_info=&#8221;{}&#8221;]<\/p>\n<p>2 large suitcases maximum<\/p>\n<p>[\/et_pb_blurb][et_pb_blurb use_icon=&#8221;on&#8221; font_icon=&#8221;&#xf0f2;||fa||900&#8243; icon_placement=&#8221;left&#8221; content_max_width=&#8221;100%&#8221; _builder_version=&#8221;4.24.3&#8243; _module_preset=&#8221;default&#8221; body_font_size=&#8221;20px&#8221; body_line_height=&#8221;1.4em&#8221; module_alignment=&#8221;left&#8221; custom_margin=&#8221;||30px||false|false&#8221; custom_padding=&#8221;|||15px|false|false&#8221; global_colors_info=&#8221;{}&#8221;]<\/p>\n<p>1 carry-ons maximum<\/p>\n<p>[\/et_pb_blurb][et_pb_button button_url=&#8221;@ET-DC@eyJkeW5hbWljIjp0cnVlLCJjb250ZW50IjoicG9zdF9saW5rX3VybF9wYWdlIiwic2V0dGluZ3MiOnsicG9zdF9pZCI6IjEzMzUifX0=@&#8221; button_text=&#8221;Rate request&#8221; _builder_version=&#8221;4.24.3&#8243; _dynamic_attributes=&#8221;button_url&#8221; _module_preset=&#8221;default&#8221; saved_tabs=&#8221;all&#8221; global_colors_info=&#8221;{}&#8221;][\/et_pb_button][\/et_pb_column][\/et_pb_row][et_pb_row column_structure=&#8221;1_2,1_2&#8243; use_custom_gutter=&#8221;on&#8221; gutter_width=&#8221;3&#8243; make_equal=&#8221;on&#8221; _builder_version=&#8221;4.24.3&#8243; _module_preset=&#8221;default&#8221; global_colors_info=&#8221;{}&#8221;][et_pb_column type=&#8221;1_2&#8243; _builder_version=&#8221;4.23.1&#8243; _module_preset=&#8221;default&#8221; global_colors_info=&#8221;{}&#8221;][et_pb_slider _builder_version=&#8221;4.27.4&#8243; _module_preset=&#8221;default&#8221; min_height=&#8221;450px&#8221; auto=&#8221;on&#8221; auto_speed=&#8221;3000&#8243; locked=&#8221;off&#8221; global_colors_info=&#8221;{}&#8221;][et_pb_slide _builder_version=&#8221;4.27.4&#8243; _module_preset=&#8221;default&#8221; background_enable_color=&#8221;off&#8221; background_image=&#8221;https:\/\/limoquebec.com\/wp-content\/uploads\/2025\/05\/DSC_3764.webp&#8221; background_enable_image=&#8221;on&#8221; locked=&#8221;off&#8221; global_colors_info=&#8221;{}&#8221; sticky_transition=&#8221;on&#8221;][\/et_pb_slide][et_pb_slide _builder_version=&#8221;4.27.4&#8243; _module_preset=&#8221;default&#8221; background_enable_color=&#8221;off&#8221; background_image=&#8221;https:\/\/limoquebec.com\/wp-content\/uploads\/2025\/05\/DSC_3784.webp&#8221; background_enable_image=&#8221;on&#8221; locked=&#8221;off&#8221; global_colors_info=&#8221;{}&#8221; sticky_transition=&#8221;on&#8221;][\/et_pb_slide][et_pb_slide _builder_version=&#8221;4.27.4&#8243; _module_preset=&#8221;default&#8221; background_enable_color=&#8221;off&#8221; background_image=&#8221;https:\/\/limoquebec.com\/wp-content\/uploads\/2025\/05\/DSC_3772.webp&#8221; background_enable_image=&#8221;on&#8221; locked=&#8221;off&#8221; global_colors_info=&#8221;{}&#8221; sticky_transition=&#8221;on&#8221;][\/et_pb_slide][\/et_pb_slider][\/et_pb_column][et_pb_column type=&#8221;1_2&#8243; _builder_version=&#8221;4.23.1&#8243; _module_preset=&#8221;default&#8221; global_colors_info=&#8221;{}&#8221;][et_pb_blurb alt=&#8221;Gares de train&#8221; image_icon_width=&#8221;0%&#8221; content_max_width=&#8221;100%&#8221; _builder_version=&#8221;4.25.2&#8243; _module_preset=&#8221;default&#8221; body_font=&#8221;|||on|||||&#8221; body_text_color=&#8221;#FF6C00&#8243; body_font_size=&#8221;22px&#8221; body_line_height=&#8221;1.4em&#8221; module_alignment=&#8221;left&#8221; custom_margin=&#8221;||10px||false|false&#8221; custom_padding=&#8221;||0px||false|false&#8221; animation=&#8221;left&#8221; locked=&#8221;off&#8221; global_colors_info=&#8221;{}&#8221;]<\/p>\n<p>Big SUV<\/p>\n<p>[\/et_pb_blurb][et_pb_text _builder_version=&#8221;4.24.3&#8243; _module_preset=&#8221;default&#8221; custom_margin=&#8221;||5px||false|false&#8221; custom_padding=&#8221;||||false|false&#8221; global_colors_info=&#8221;{}&#8221;]<\/p>\n<h2>Corporate SUV<\/h2>\n<ul>\n<li>Corporate SUV that can accommodate up to 6 passengers. Note that for your comfort we recommend 4 or 5 passengers maximum.<\/li>\n<li>These are the perfect vehicles for a small group.<\/li>\n<li>The seats are leather.<\/li>\n<\/ul>\n<p><strong>Capacity :<\/strong><\/p>\n<p>[\/et_pb_text][et_pb_blurb use_icon=&#8221;on&#8221; font_icon=&#8221;&#xf007;||fa||900&#8243; icon_placement=&#8221;left&#8221; content_max_width=&#8221;100%&#8221; _builder_version=&#8221;4.24.3&#8243; _module_preset=&#8221;default&#8221; body_font_size=&#8221;20px&#8221; body_line_height=&#8221;1.4em&#8221; module_alignment=&#8221;left&#8221; custom_margin=&#8221;||10px||false|false&#8221; custom_padding=&#8221;|||15px|false|false&#8221; global_colors_info=&#8221;{}&#8221;]<\/p>\n<p>1-6 passengers<\/p>\n<p>[\/et_pb_blurb][et_pb_blurb use_icon=&#8221;on&#8221; font_icon=&#8221;&#xf5c1;||fa||900&#8243; icon_placement=&#8221;left&#8221; image_icon_width=&#8221;34px&#8221; content_max_width=&#8221;100%&#8221; _builder_version=&#8221;4.24.3&#8243; _module_preset=&#8221;default&#8221; body_font_size=&#8221;20px&#8221; body_line_height=&#8221;1.4em&#8221; image_icon_custom_padding=&#8221;|||1px|false|false&#8221; module_alignment=&#8221;left&#8221; custom_margin=&#8221;||10px||false|false&#8221; custom_padding=&#8221;|||15px|false|false&#8221; global_colors_info=&#8221;{}&#8221;]<\/p>\n<p>5 large suitcases maximum<\/p>\n<p>[\/et_pb_blurb][et_pb_blurb use_icon=&#8221;on&#8221; font_icon=&#8221;&#xf0f2;||fa||900&#8243; icon_placement=&#8221;left&#8221; content_max_width=&#8221;100%&#8221; _builder_version=&#8221;4.24.3&#8243; _module_preset=&#8221;default&#8221; body_font_size=&#8221;20px&#8221; body_line_height=&#8221;1.4em&#8221; module_alignment=&#8221;left&#8221; custom_margin=&#8221;||30px||false|false&#8221; custom_padding=&#8221;|||15px|false|false&#8221; global_colors_info=&#8221;{}&#8221;]<\/p>\n<p>3 carry-ons maximum<\/p>\n<p>[\/et_pb_blurb][et_pb_button button_url=&#8221;@ET-DC@eyJkeW5hbWljIjp0cnVlLCJjb250ZW50IjoicG9zdF9saW5rX3VybF9wYWdlIiwic2V0dGluZ3MiOnsicG9zdF9pZCI6IjEzMzUifX0=@&#8221; button_text=&#8221;Rate request&#8221; _builder_version=&#8221;4.24.3&#8243; _dynamic_attributes=&#8221;button_url&#8221; _module_preset=&#8221;default&#8221; saved_tabs=&#8221;all&#8221; global_colors_info=&#8221;{}&#8221;][\/et_pb_button][\/et_pb_column][\/et_pb_row][et_pb_row column_structure=&#8221;1_2,1_2&#8243; use_custom_gutter=&#8221;on&#8221; gutter_width=&#8221;3&#8243; make_equal=&#8221;on&#8221; _builder_version=&#8221;4.24.3&#8243; _module_preset=&#8221;default&#8221; global_colors_info=&#8221;{}&#8221;][et_pb_column type=&#8221;1_2&#8243; _builder_version=&#8221;4.23.1&#8243; _module_preset=&#8221;default&#8221; global_colors_info=&#8221;{}&#8221;][et_pb_slider _builder_version=&#8221;4.27.4&#8243; _module_preset=&#8221;default&#8221; min_height=&#8221;450px&#8221; auto=&#8221;on&#8221; auto_speed=&#8221;3000&#8243; locked=&#8221;off&#8221; global_colors_info=&#8221;{}&#8221;][et_pb_slide _builder_version=&#8221;4.27.4&#8243; _module_preset=&#8221;default&#8221; background_enable_color=&#8221;off&#8221; background_image=&#8221;https:\/\/limoquebec.com\/wp-content\/uploads\/2025\/05\/DSC_3723.webp&#8221; background_enable_image=&#8221;on&#8221; locked=&#8221;off&#8221; global_colors_info=&#8221;{}&#8221; sticky_transition=&#8221;on&#8221;][\/et_pb_slide][et_pb_slide _builder_version=&#8221;4.27.4&#8243; _module_preset=&#8221;default&#8221; background_enable_color=&#8221;off&#8221; background_image=&#8221;https:\/\/limoquebec.com\/wp-content\/uploads\/2025\/05\/DSC_3727.webp&#8221; background_enable_image=&#8221;on&#8221; locked=&#8221;off&#8221; global_colors_info=&#8221;{}&#8221; sticky_transition=&#8221;on&#8221;][\/et_pb_slide][et_pb_slide _builder_version=&#8221;4.27.4&#8243; _module_preset=&#8221;default&#8221; background_enable_color=&#8221;off&#8221; background_image=&#8221;https:\/\/limoquebec.com\/wp-content\/uploads\/2025\/05\/DSC_3737.webp&#8221; background_enable_image=&#8221;on&#8221; locked=&#8221;off&#8221; global_colors_info=&#8221;{}&#8221; sticky_transition=&#8221;on&#8221;][\/et_pb_slide][et_pb_slide _builder_version=&#8221;4.24.3&#8243; _module_preset=&#8221;default&#8221; background_enable_color=&#8221;off&#8221; background_image=&#8221;https:\/\/limoquebec.com\/wp-content\/uploads\/2024\/05\/cadillac-escalade-interieur.webp&#8221; background_enable_image=&#8221;on&#8221; locked=&#8221;off&#8221; global_colors_info=&#8221;{}&#8221; sticky_transition=&#8221;on&#8221;][\/et_pb_slide][\/et_pb_slider][\/et_pb_column][et_pb_column type=&#8221;1_2&#8243; _builder_version=&#8221;4.23.1&#8243; _module_preset=&#8221;default&#8221; global_colors_info=&#8221;{}&#8221;][et_pb_blurb alt=&#8221;Gares de train&#8221; image_icon_width=&#8221;0%&#8221; content_max_width=&#8221;100%&#8221; _builder_version=&#8221;4.25.2&#8243; _module_preset=&#8221;default&#8221; body_font=&#8221;|||on|||||&#8221; body_text_color=&#8221;#FF6C00&#8243; body_font_size=&#8221;22px&#8221; body_line_height=&#8221;1.4em&#8221; module_alignment=&#8221;left&#8221; custom_margin=&#8221;||10px||false|false&#8221; custom_padding=&#8221;||0px||false|false&#8221; animation=&#8221;left&#8221; locked=&#8221;off&#8221; global_colors_info=&#8221;{}&#8221;]<\/p>\n<p>LUXURY SUV<\/p>\n<p>[\/et_pb_blurb][et_pb_text _builder_version=&#8221;4.24.3&#8243; _module_preset=&#8221;default&#8221; custom_margin=&#8221;||5px||false|false&#8221; custom_padding=&#8221;||||false|false&#8221; global_colors_info=&#8221;{}&#8221;]<\/p>\n<h2>Cadillac Escalade ESV<\/h2>\n<ul>\n<li>The Cadillac Escalade<\/li>\n<li>One of the most luxurious SUVs on the market<\/li>\n<li>Can accommodate up to 6 passengers. For your comfort we recommend 4 or 5 passengers maximum.<\/li>\n<li>It certainly turns heads, it will take you to your destination safely and in luxury.<\/li>\n<\/ul>\n<p><strong>Capacity :<\/strong><\/p>\n<p>[\/et_pb_text][et_pb_blurb use_icon=&#8221;on&#8221; font_icon=&#8221;&#xf007;||fa||900&#8243; icon_placement=&#8221;left&#8221; content_max_width=&#8221;100%&#8221; _builder_version=&#8221;4.24.3&#8243; _module_preset=&#8221;default&#8221; body_font_size=&#8221;20px&#8221; body_line_height=&#8221;1.4em&#8221; module_alignment=&#8221;left&#8221; custom_margin=&#8221;||10px||false|false&#8221; custom_padding=&#8221;|||15px|false|false&#8221; global_colors_info=&#8221;{}&#8221;]<\/p>\n<p>1-6 passengers<\/p>\n<p>[\/et_pb_blurb][et_pb_blurb use_icon=&#8221;on&#8221; font_icon=&#8221;&#xf5c1;||fa||900&#8243; icon_placement=&#8221;left&#8221; image_icon_width=&#8221;34px&#8221; content_max_width=&#8221;100%&#8221; _builder_version=&#8221;4.24.3&#8243; _module_preset=&#8221;default&#8221; body_font_size=&#8221;20px&#8221; body_line_height=&#8221;1.4em&#8221; image_icon_custom_padding=&#8221;|||1px|false|false&#8221; module_alignment=&#8221;left&#8221; custom_margin=&#8221;||10px||false|false&#8221; custom_padding=&#8221;|||15px|false|false&#8221; global_colors_info=&#8221;{}&#8221;]<\/p>\n<p>5 large suitcases maximum<\/p>\n<p>[\/et_pb_blurb][et_pb_blurb use_icon=&#8221;on&#8221; font_icon=&#8221;&#xf0f2;||fa||900&#8243; icon_placement=&#8221;left&#8221; content_max_width=&#8221;100%&#8221; _builder_version=&#8221;4.24.3&#8243; _module_preset=&#8221;default&#8221; body_font_size=&#8221;20px&#8221; body_line_height=&#8221;1.4em&#8221; module_alignment=&#8221;left&#8221; custom_margin=&#8221;||30px||false|false&#8221; custom_padding=&#8221;|||15px|false|false&#8221; global_colors_info=&#8221;{}&#8221;]<\/p>\n<p>3 carry-ons maximum<\/p>\n<p>[\/et_pb_blurb][et_pb_button button_url=&#8221;@ET-DC@eyJkeW5hbWljIjp0cnVlLCJjb250ZW50IjoicG9zdF9saW5rX3VybF9wYWdlIiwic2V0dGluZ3MiOnsicG9zdF9pZCI6IjEzMzUifX0=@&#8221; button_text=&#8221;Rate request&#8221; _builder_version=&#8221;4.24.3&#8243; _dynamic_attributes=&#8221;button_url&#8221; _module_preset=&#8221;default&#8221; saved_tabs=&#8221;all&#8221; global_colors_info=&#8221;{}&#8221;][\/et_pb_button][\/et_pb_column][\/et_pb_row][et_pb_row column_structure=&#8221;1_2,1_2&#8243; use_custom_gutter=&#8221;on&#8221; gutter_width=&#8221;3&#8243; make_equal=&#8221;on&#8221; _builder_version=&#8221;4.24.3&#8243; _module_preset=&#8221;default&#8221; global_colors_info=&#8221;{}&#8221;][et_pb_column type=&#8221;1_2&#8243; _builder_version=&#8221;4.23.1&#8243; _module_preset=&#8221;default&#8221; global_colors_info=&#8221;{}&#8221;][et_pb_slider _builder_version=&#8221;4.24.3&#8243; _module_preset=&#8221;default&#8221; min_height=&#8221;450px&#8221; auto=&#8221;on&#8221; auto_speed=&#8221;3000&#8243; global_colors_info=&#8221;{}&#8221;][et_pb_slide _builder_version=&#8221;4.24.3&#8243; _module_preset=&#8221;default&#8221; background_enable_color=&#8221;off&#8221; background_image=&#8221;https:\/\/limoquebec.com\/wp-content\/uploads\/2024\/05\/Van-Standard-9-passagers-exterieur.webp&#8221; background_enable_image=&#8221;on&#8221; global_colors_info=&#8221;{}&#8221; sticky_transition=&#8221;on&#8221;][\/et_pb_slide][et_pb_slide _builder_version=&#8221;4.24.3&#8243; _module_preset=&#8221;default&#8221; background_enable_color=&#8221;off&#8221; background_image=&#8221;https:\/\/limoquebec.com\/wp-content\/uploads\/2024\/05\/Van-Standard-9-passagers-exterieur-2.webp&#8221; background_enable_image=&#8221;on&#8221; global_colors_info=&#8221;{}&#8221; sticky_transition=&#8221;on&#8221;][\/et_pb_slide][\/et_pb_slider][\/et_pb_column][et_pb_column type=&#8221;1_2&#8243; _builder_version=&#8221;4.23.1&#8243; _module_preset=&#8221;default&#8221; global_colors_info=&#8221;{}&#8221;][et_pb_blurb alt=&#8221;Gares de train&#8221; image_icon_width=&#8221;0%&#8221; content_max_width=&#8221;100%&#8221; _builder_version=&#8221;4.25.2&#8243; _module_preset=&#8221;default&#8221; body_font=&#8221;|||on|||||&#8221; body_text_color=&#8221;#FF6C00&#8243; body_font_size=&#8221;22px&#8221; body_line_height=&#8221;1.4em&#8221; module_alignment=&#8221;left&#8221; custom_margin=&#8221;||10px||false|false&#8221; custom_padding=&#8221;||0px||false|false&#8221; animation=&#8221;left&#8221; locked=&#8221;off&#8221; global_colors_info=&#8221;{}&#8221;]<\/p>\n<p>BIG CAPACITY<\/p>\n<p>[\/et_pb_blurb][et_pb_text _builder_version=&#8221;4.25.2&#8243; _module_preset=&#8221;default&#8221; custom_margin=&#8221;||5px||false|false&#8221; custom_padding=&#8221;||||false|false&#8221; global_colors_info=&#8221;{}&#8221;]<\/p>\n<h2>Standard van &#8211; 8 passengers<\/h2>\n<p>The perfect vehicle for transporting a small group. Our Vans can accommodate up to 8 passengers with 2 suitcases each. They are Ford Transits or Mercedes Sprinters.<\/p>\n<p><strong>Capacity :<\/strong><\/p>\n<p>[\/et_pb_text][et_pb_blurb use_icon=&#8221;on&#8221; font_icon=&#8221;&#xf007;||fa||900&#8243; icon_placement=&#8221;left&#8221; content_max_width=&#8221;100%&#8221; _builder_version=&#8221;4.24.3&#8243; _module_preset=&#8221;default&#8221; body_font_size=&#8221;20px&#8221; body_line_height=&#8221;1.4em&#8221; module_alignment=&#8221;left&#8221; custom_margin=&#8221;||10px||false|false&#8221; custom_padding=&#8221;|||15px|false|false&#8221; global_colors_info=&#8221;{}&#8221;]<\/p>\n<p>1-8 passengers<\/p>\n<p>[\/et_pb_blurb][et_pb_blurb use_icon=&#8221;on&#8221; font_icon=&#8221;&#xf5c1;||fa||900&#8243; icon_placement=&#8221;left&#8221; image_icon_width=&#8221;34px&#8221; content_max_width=&#8221;100%&#8221; _builder_version=&#8221;4.27.4&#8243; _module_preset=&#8221;default&#8221; body_font_size=&#8221;20px&#8221; body_line_height=&#8221;1.4em&#8221; image_icon_custom_padding=&#8221;|||1px|false|false&#8221; module_alignment=&#8221;left&#8221; custom_margin=&#8221;||10px||false|false&#8221; custom_padding=&#8221;|||15px|false|false&#8221; global_colors_info=&#8221;{}&#8221;]<\/p>\n<p>8 large suitcases maximum<\/p>\n<p>[\/et_pb_blurb][et_pb_blurb use_icon=&#8221;on&#8221; font_icon=&#8221;&#xf0f2;||fa||900&#8243; icon_placement=&#8221;left&#8221; content_max_width=&#8221;100%&#8221; _builder_version=&#8221;4.27.4&#8243; _module_preset=&#8221;default&#8221; body_font_size=&#8221;20px&#8221; body_line_height=&#8221;1.4em&#8221; module_alignment=&#8221;left&#8221; custom_margin=&#8221;||30px||false|false&#8221; custom_padding=&#8221;|||15px|false|false&#8221; global_colors_info=&#8221;{}&#8221;]<\/p>\n<p>8 carry-ons maximum<\/p>\n<p>[\/et_pb_blurb][et_pb_button button_url=&#8221;@ET-DC@eyJkeW5hbWljIjp0cnVlLCJjb250ZW50IjoicG9zdF9saW5rX3VybF9wYWdlIiwic2V0dGluZ3MiOnsicG9zdF9pZCI6IjEzMzUifX0=@&#8221; button_text=&#8221;Rate request&#8221; _builder_version=&#8221;4.24.3&#8243; _dynamic_attributes=&#8221;button_url&#8221; _module_preset=&#8221;default&#8221; saved_tabs=&#8221;all&#8221; global_colors_info=&#8221;{}&#8221;][\/et_pb_button][\/et_pb_column][\/et_pb_row][et_pb_row column_structure=&#8221;1_2,1_2&#8243; use_custom_gutter=&#8221;on&#8221; gutter_width=&#8221;3&#8243; make_equal=&#8221;on&#8221; disabled_on=&#8221;on|on|on&#8221; _builder_version=&#8221;4.24.3&#8243; _module_preset=&#8221;default&#8221; disabled=&#8221;on&#8221; global_colors_info=&#8221;{}&#8221;][et_pb_column type=&#8221;1_2&#8243; _builder_version=&#8221;4.23.1&#8243; _module_preset=&#8221;default&#8221; global_colors_info=&#8221;{}&#8221;][et_pb_slider _builder_version=&#8221;4.24.3&#8243; _module_preset=&#8221;default&#8221; min_height=&#8221;450px&#8221; auto=&#8221;on&#8221; auto_speed=&#8221;3000&#8243; global_colors_info=&#8221;{}&#8221;][et_pb_slide _builder_version=&#8221;4.24.3&#8243; _module_preset=&#8221;default&#8221; background_enable_color=&#8221;off&#8221; background_image=&#8221;https:\/\/limoquebec.com\/wp-content\/uploads\/2024\/05\/Mercedes-Sprinter-Executif-exterieur.webp&#8221; background_enable_image=&#8221;on&#8221; global_colors_info=&#8221;{}&#8221; sticky_transition=&#8221;on&#8221;][\/et_pb_slide][et_pb_slide _builder_version=&#8221;4.24.3&#8243; _module_preset=&#8221;default&#8221; background_enable_color=&#8221;off&#8221; background_image=&#8221;https:\/\/limoquebec.com\/wp-content\/uploads\/2024\/05\/Mercedes-Sprinter-Executif-interieur.webp&#8221; background_enable_image=&#8221;on&#8221; global_colors_info=&#8221;{}&#8221; sticky_transition=&#8221;on&#8221;][\/et_pb_slide][et_pb_slide _builder_version=&#8221;4.24.3&#8243; _module_preset=&#8221;default&#8221; background_enable_color=&#8221;off&#8221; background_image=&#8221;https:\/\/limoquebec.com\/wp-content\/uploads\/2024\/05\/Mercedes-Sprinter-Executif-interieur-2.webp&#8221; background_enable_image=&#8221;on&#8221; global_colors_info=&#8221;{}&#8221; sticky_transition=&#8221;on&#8221;][\/et_pb_slide][et_pb_slide _builder_version=&#8221;4.24.3&#8243; _module_preset=&#8221;default&#8221; background_enable_color=&#8221;off&#8221; background_image=&#8221;https:\/\/limoquebec.com\/wp-content\/uploads\/2024\/05\/Mercedes-Sprinter-Executif-interieur-3.webp&#8221; background_enable_image=&#8221;on&#8221; global_colors_info=&#8221;{}&#8221; sticky_transition=&#8221;on&#8221;][\/et_pb_slide][\/et_pb_slider][\/et_pb_column][et_pb_column type=&#8221;1_2&#8243; _builder_version=&#8221;4.23.1&#8243; _module_preset=&#8221;default&#8221; global_colors_info=&#8221;{}&#8221;][et_pb_blurb alt=&#8221;Gares de train&#8221; image_icon_width=&#8221;0%&#8221; content_max_width=&#8221;100%&#8221; _builder_version=&#8221;4.25.2&#8243; _module_preset=&#8221;default&#8221; body_font=&#8221;|||on|||||&#8221; body_text_color=&#8221;#FF6C00&#8243; body_font_size=&#8221;22px&#8221; body_line_height=&#8221;1.4em&#8221; module_alignment=&#8221;left&#8221; custom_margin=&#8221;||10px||false|false&#8221; custom_padding=&#8221;||0px||false|false&#8221; animation=&#8221;left&#8221; locked=&#8221;off&#8221; global_colors_info=&#8221;{}&#8221;]<\/p>\n<p>Big capacity<\/p>\n<p>[\/et_pb_blurb][et_pb_text _builder_version=&#8221;4.24.3&#8243; _module_preset=&#8221;default&#8221; custom_margin=&#8221;||5px||false|false&#8221; custom_padding=&#8221;||||false|false&#8221; global_colors_info=&#8221;{}&#8221;]<\/p>\n<h2>Mercedes Sprinter Executive<\/h2>\n<p>Treat yourself to this completely unique vehicle, tailor-made to offer you the greatest comfort. With its interior giving the effect of a private jet, it is the ideal vehicle for your long distance or local trips. It is equipped with a high-end sound system and two televisions. There is a separation between the driver and the rear of the vehicle to offer you more discretion.<\/p>\n<p><strong>Capacity :<\/strong><\/p>\n<p>[\/et_pb_text][et_pb_blurb use_icon=&#8221;on&#8221; font_icon=&#8221;&#xf007;||fa||900&#8243; icon_placement=&#8221;left&#8221; content_max_width=&#8221;100%&#8221; _builder_version=&#8221;4.24.3&#8243; _module_preset=&#8221;default&#8221; body_font_size=&#8221;20px&#8221; body_line_height=&#8221;1.4em&#8221; module_alignment=&#8221;left&#8221; custom_margin=&#8221;||10px||false|false&#8221; custom_padding=&#8221;|||15px|false|false&#8221; global_colors_info=&#8221;{}&#8221;]<\/p>\n<p>1-8 passengers<\/p>\n<p>[\/et_pb_blurb][et_pb_blurb use_icon=&#8221;on&#8221; font_icon=&#8221;&#xf5c1;||fa||900&#8243; icon_placement=&#8221;left&#8221; image_icon_width=&#8221;34px&#8221; content_max_width=&#8221;100%&#8221; _builder_version=&#8221;4.24.3&#8243; _module_preset=&#8221;default&#8221; body_font_size=&#8221;20px&#8221; body_line_height=&#8221;1.4em&#8221; image_icon_custom_padding=&#8221;|||1px|false|false&#8221; module_alignment=&#8221;left&#8221; custom_margin=&#8221;||10px||false|false&#8221; custom_padding=&#8221;|||15px|false|false&#8221; global_colors_info=&#8221;{}&#8221;]<\/p>\n<p>9 large suitcases maximum<\/p>\n<p>[\/et_pb_blurb][et_pb_blurb use_icon=&#8221;on&#8221; font_icon=&#8221;&#xf0f2;||fa||900&#8243; icon_placement=&#8221;left&#8221; content_max_width=&#8221;100%&#8221; _builder_version=&#8221;4.24.3&#8243; _module_preset=&#8221;default&#8221; body_font_size=&#8221;20px&#8221; body_line_height=&#8221;1.4em&#8221; module_alignment=&#8221;left&#8221; custom_margin=&#8221;||30px||false|false&#8221; custom_padding=&#8221;|||15px|false|false&#8221; global_colors_info=&#8221;{}&#8221;]<\/p>\n<p>9 carry-ons maximum<\/p>\n<p>[\/et_pb_blurb][et_pb_button button_url=&#8221;@ET-DC@eyJkeW5hbWljIjp0cnVlLCJjb250ZW50IjoicG9zdF9saW5rX3VybF9wYWdlIiwic2V0dGluZ3MiOnsicG9zdF9pZCI6IjEzMzUifX0=@&#8221; button_text=&#8221;Rate request&#8221; _builder_version=&#8221;4.24.3&#8243; _dynamic_attributes=&#8221;button_url&#8221; _module_preset=&#8221;default&#8221; saved_tabs=&#8221;all&#8221; global_colors_info=&#8221;{}&#8221;][\/et_pb_button][\/et_pb_column][\/et_pb_row][\/et_pb_section]<\/p>\n","protected":false},"excerpt":{"rendered":"<p>SedanProtocol sedan All equipped with all-wheel drive. The classic vehicle for private transport. Models will be either: Lincoln Continental or Cadillac Lyriq. Capacity :1-3 passengers2 large suitcases maximum1 carry-ons maximumSEDANCorporate sedan Opt for a luxury 100% electric vehicle for your transport on request. Capacity :1-3 passengers2 large suitcases maximum1 carry-ons maximumBig SUVCorporate SUV Corporate SUV [&hellip;]<\/p>\n","protected":false},"author":1,"featured_media":0,"parent":0,"menu_order":100,"comment_status":"closed","ping_status":"closed","template":"","meta":{"_et_pb_use_builder":"on","_et_pb_old_content":"<p>[et_pb_section fb_built=\"1\" _builder_version=\"4.24.3\" _module_preset=\"default\" background_image=\"https:\/\/limoquebec.com\/wp-content\/uploads\/2023\/11\/bg-limousine.webp\" custom_padding=\"85px||||false|false\" global_module=\"1137\" saved_tabs=\"all\" global_colors_info=\"{}\"][et_pb_row _builder_version=\"4.23.1\" _module_preset=\"default\" global_colors_info=\"{}\"][et_pb_column type=\"4_4\" _builder_version=\"4.23.1\" _module_preset=\"default\" global_colors_info=\"{}\"][et_pb_text _builder_version=\"4.24.3\" _dynamic_attributes=\"content\" _module_preset=\"default\" text_text_color=\"#FFFFFF\" text_font_size=\"13px\" header_font=\"|||on|||||\" header_line_height=\"1.3em\" background_layout=\"dark\" global_colors_info=\"{}\"]@ET-DC@eyJkeW5hbWljIjp0cnVlLCJjb250ZW50IjoicG9zdF90aXRsZSIsInNldHRpbmdzIjp7ImJlZm9yZSI6IjxoMT4iLCJhZnRlciI6IjwvaDE+W3dwc2VvX2JyZWFkY3J1bWJdIn19@[\/et_pb_text][\/et_pb_column][\/et_pb_row][\/et_pb_section][et_pb_section fb_built=\"1\" _builder_version=\"4.23.1\" _module_preset=\"default\" custom_padding=\"50px||50px||true|\" global_colors_info=\"{}\"][et_pb_row column_structure=\"1_2,1_2\" use_custom_gutter=\"on\" gutter_width=\"3\" make_equal=\"on\" _builder_version=\"4.24.3\" _module_preset=\"default\" global_colors_info=\"{}\"][et_pb_column type=\"1_2\" _builder_version=\"4.23.1\" _module_preset=\"default\" global_colors_info=\"{}\"][et_pb_slider _builder_version=\"4.24.3\" _module_preset=\"default\" min_height=\"450px\" auto=\"on\" auto_speed=\"3000\" global_colors_info=\"{}\"][et_pb_slide _builder_version=\"4.24.3\" _module_preset=\"default\" background_enable_color=\"off\" background_image=\"https:\/\/limoquebec.com\/wp-content\/uploads\/2024\/05\/berlineprotocolaire-1.webp\" background_enable_image=\"on\" global_colors_info=\"{}\" sticky_transition=\"on\"][\/et_pb_slide][et_pb_slide _builder_version=\"4.24.3\" _module_preset=\"default\" background_enable_color=\"off\" background_image=\"https:\/\/limoquebec.com\/wp-content\/uploads\/2024\/05\/berlineprotocolaire-interieur.webp\" background_enable_image=\"on\" global_colors_info=\"{}\" sticky_transition=\"on\"][\/et_pb_slide][\/et_pb_slider][\/et_pb_column][et_pb_column type=\"1_2\" _builder_version=\"4.23.1\" _module_preset=\"default\" global_colors_info=\"{}\"][et_pb_blurb alt=\"Gares de train\" image_icon_width=\"0%\" content_max_width=\"100%\" _builder_version=\"4.24.3\" _module_preset=\"default\" body_font=\"|||on|||||\" body_text_color=\"#FF6C00\" body_font_size=\"22px\" body_line_height=\"1.4em\" module_alignment=\"left\" custom_margin=\"||10px||false|false\" custom_padding=\"||0px||false|false\" animation=\"left\" locked=\"off\" global_colors_info=\"{}\"]<\/p><p>Berline<\/p><p>[\/et_pb_blurb][et_pb_text _builder_version=\"4.24.3\" _module_preset=\"default\" custom_margin=\"||5px||false|false\" custom_padding=\"||||false|false\" global_colors_info=\"{}\"]<\/p><h2>Berline protocolaire<\/h2><ul><li>Tous \u00e9quip\u00e9s d\u2019une traction int\u00e9grale.<\/li><li>Le v\u00e9hicule classique pour le transport priv\u00e9.<\/li><li>Les mod\u00e8les seront soit: Lincoln Continental ou Cadillac Lyriq.<\/li><\/ul><p><strong>Capacit\u00e9 :<\/strong><\/p><p>[\/et_pb_text][et_pb_blurb use_icon=\"on\" font_icon=\"\uf007||fa||900\" icon_placement=\"left\" content_max_width=\"100%\" _builder_version=\"4.24.3\" _module_preset=\"default\" body_font_size=\"20px\" body_line_height=\"1.4em\" module_alignment=\"left\" custom_margin=\"||10px||false|false\" custom_padding=\"|||15px|false|false\" global_colors_info=\"{}\"]<\/p><p>1-3 passagers<\/p><p>[\/et_pb_blurb][et_pb_blurb use_icon=\"on\" font_icon=\"\uf5c1||fa||900\" icon_placement=\"left\" image_icon_width=\"34px\" content_max_width=\"100%\" _builder_version=\"4.24.3\" _module_preset=\"default\" body_font_size=\"20px\" body_line_height=\"1.4em\" image_icon_custom_padding=\"|||1px|false|false\" module_alignment=\"left\" custom_margin=\"||10px||false|false\" custom_padding=\"|||15px|false|false\" global_colors_info=\"{}\"]<\/p><p>2 valises grand format maximum<\/p><p>[\/et_pb_blurb][et_pb_blurb use_icon=\"on\" font_icon=\"\uf0f2||fa||900\" icon_placement=\"left\" content_max_width=\"100%\" _builder_version=\"4.24.3\" _module_preset=\"default\" body_font_size=\"20px\" body_line_height=\"1.4em\" module_alignment=\"left\" custom_margin=\"||30px||false|false\" custom_padding=\"|||15px|false|false\" global_colors_info=\"{}\"]<\/p><p>1 bagage de cabine maximum<\/p><p>[\/et_pb_blurb][et_pb_button button_url=\"@ET-DC@eyJkeW5hbWljIjp0cnVlLCJjb250ZW50IjoicG9zdF9saW5rX3VybF9wYWdlIiwic2V0dGluZ3MiOnsicG9zdF9pZCI6IjEzMzUifX0=@\" button_text=\"Demander une soumission\" _builder_version=\"4.24.3\" _dynamic_attributes=\"button_url\" _module_preset=\"default\" global_module=\"1368\" saved_tabs=\"all\" global_colors_info=\"{}\"][\/et_pb_button][\/et_pb_column][\/et_pb_row][et_pb_row column_structure=\"1_2,1_2\" use_custom_gutter=\"on\" gutter_width=\"3\" make_equal=\"on\" _builder_version=\"4.24.3\" _module_preset=\"default\" global_colors_info=\"{}\"][et_pb_column type=\"1_2\" _builder_version=\"4.23.1\" _module_preset=\"default\" global_colors_info=\"{}\"][et_pb_slider _builder_version=\"4.24.3\" _module_preset=\"default\" min_height=\"450px\" auto=\"on\" auto_speed=\"3000\" global_colors_info=\"{}\"][et_pb_slide _builder_version=\"4.24.3\" _module_preset=\"default\" background_enable_color=\"off\" background_image=\"https:\/\/limoquebec.com\/wp-content\/uploads\/2024\/05\/Berlineelectrique-exterieur.webp\" background_enable_image=\"on\" global_colors_info=\"{}\" sticky_transition=\"on\"][\/et_pb_slide][et_pb_slide _builder_version=\"4.24.3\" _module_preset=\"default\" background_enable_color=\"off\" background_image=\"https:\/\/limoquebec.com\/wp-content\/uploads\/2024\/05\/berlineelectrique-interieur.webp\" background_enable_image=\"on\" global_colors_info=\"{}\" sticky_transition=\"on\"][\/et_pb_slide][et_pb_slide _builder_version=\"4.24.3\" _module_preset=\"default\" background_enable_color=\"off\" background_image=\"https:\/\/limoquebec.com\/wp-content\/uploads\/2024\/05\/berlineelectrique-interieur-2.webp\" background_enable_image=\"on\" global_colors_info=\"{}\" sticky_transition=\"on\"][\/et_pb_slide][\/et_pb_slider][\/et_pb_column][et_pb_column type=\"1_2\" _builder_version=\"4.23.1\" _module_preset=\"default\" global_colors_info=\"{}\"][et_pb_blurb alt=\"Gares de train\" image_icon_width=\"0%\" content_max_width=\"100%\" _builder_version=\"4.24.3\" _module_preset=\"default\" body_font=\"|||on|||||\" body_text_color=\"#FF6C00\" body_font_size=\"22px\" body_line_height=\"1.4em\" module_alignment=\"left\" custom_margin=\"||10px||false|false\" custom_padding=\"||0px||false|false\" animation=\"left\" locked=\"off\" global_colors_info=\"{}\"]<\/p><p>Berline<\/p><p>[\/et_pb_blurb][et_pb_text _builder_version=\"4.24.3\" _module_preset=\"default\" custom_margin=\"||5px||false|false\" custom_padding=\"||||false|false\" global_colors_info=\"{}\"]<\/p><h2>Berline \u00e9lectrique<\/h2><ul><li>Optez pour un v\u00e9hicule 100% \u00e9lectrique de luxe pour votre transport.<\/li><li>Nos berlines \u00e9lectriques sont des Cadillac Lyriq 2024.<\/li><\/ul><p><strong>Capacit\u00e9 :<\/strong><\/p><p>[\/et_pb_text][et_pb_blurb use_icon=\"on\" font_icon=\"\uf007||fa||900\" icon_placement=\"left\" content_max_width=\"100%\" _builder_version=\"4.24.3\" _module_preset=\"default\" body_font_size=\"20px\" body_line_height=\"1.4em\" module_alignment=\"left\" custom_margin=\"||10px||false|false\" custom_padding=\"|||15px|false|false\" global_colors_info=\"{}\"]<\/p><p>1-3 passagers<\/p><p>[\/et_pb_blurb][et_pb_blurb use_icon=\"on\" font_icon=\"\uf5c1||fa||900\" icon_placement=\"left\" image_icon_width=\"34px\" content_max_width=\"100%\" _builder_version=\"4.24.3\" _module_preset=\"default\" body_font_size=\"20px\" body_line_height=\"1.4em\" image_icon_custom_padding=\"|||1px|false|false\" module_alignment=\"left\" custom_margin=\"||10px||false|false\" custom_padding=\"|||15px|false|false\" global_colors_info=\"{}\"]<\/p><p>2 valises grand format maximum<\/p><p>[\/et_pb_blurb][et_pb_blurb use_icon=\"on\" font_icon=\"\uf0f2||fa||900\" icon_placement=\"left\" content_max_width=\"100%\" _builder_version=\"4.24.3\" _module_preset=\"default\" body_font_size=\"20px\" body_line_height=\"1.4em\" module_alignment=\"left\" custom_margin=\"||30px||false|false\" custom_padding=\"|||15px|false|false\" global_colors_info=\"{}\"]<\/p><p>1 bagage de cabine maximum<\/p><p>[\/et_pb_blurb][et_pb_button button_url=\"@ET-DC@eyJkeW5hbWljIjp0cnVlLCJjb250ZW50IjoicG9zdF9saW5rX3VybF9wYWdlIiwic2V0dGluZ3MiOnsicG9zdF9pZCI6IjEzMzUifX0=@\" button_text=\"Demander une soumission\" _builder_version=\"4.24.3\" _dynamic_attributes=\"button_url\" _module_preset=\"default\" global_module=\"1368\" saved_tabs=\"all\" global_colors_info=\"{}\"][\/et_pb_button][\/et_pb_column][\/et_pb_row][et_pb_row column_structure=\"1_2,1_2\" use_custom_gutter=\"on\" gutter_width=\"3\" make_equal=\"on\" _builder_version=\"4.24.3\" _module_preset=\"default\" global_colors_info=\"{}\"][et_pb_column type=\"1_2\" _builder_version=\"4.23.1\" _module_preset=\"default\" global_colors_info=\"{}\"][et_pb_slider _builder_version=\"4.24.3\" _module_preset=\"default\" min_height=\"450px\" auto=\"on\" auto_speed=\"3000\" global_colors_info=\"{}\"][et_pb_slide _builder_version=\"4.24.3\" _module_preset=\"default\" background_enable_color=\"off\" background_image=\"https:\/\/limoquebec.com\/wp-content\/uploads\/2024\/05\/vus-corporatif-1.webp\" background_enable_image=\"on\" global_colors_info=\"{}\" sticky_transition=\"on\"][\/et_pb_slide][et_pb_slide _builder_version=\"4.24.3\" _module_preset=\"default\" background_enable_color=\"off\" background_image=\"https:\/\/limoquebec.com\/wp-content\/uploads\/2024\/05\/vus-corporatif-2.webp\" background_enable_image=\"on\" global_colors_info=\"{}\" sticky_transition=\"on\"][\/et_pb_slide][et_pb_slide _builder_version=\"4.24.3\" _module_preset=\"default\" background_enable_color=\"off\" background_image=\"https:\/\/limoquebec.com\/wp-content\/uploads\/2024\/05\/vus-corporatif-3.webp\" background_enable_image=\"on\" global_colors_info=\"{}\" sticky_transition=\"on\"][\/et_pb_slide][et_pb_slide _builder_version=\"4.24.3\" _module_preset=\"default\" background_enable_color=\"off\" background_image=\"https:\/\/limoquebec.com\/wp-content\/uploads\/2024\/05\/vus-corporatif-4.webp\" background_enable_image=\"on\" global_colors_info=\"{}\" sticky_transition=\"on\"][\/et_pb_slide][\/et_pb_slider][\/et_pb_column][et_pb_column type=\"1_2\" _builder_version=\"4.23.1\" _module_preset=\"default\" global_colors_info=\"{}\"][et_pb_blurb alt=\"Gares de train\" image_icon_width=\"0%\" content_max_width=\"100%\" _builder_version=\"4.24.3\" _module_preset=\"default\" body_font=\"|||on|||||\" body_text_color=\"#FF6C00\" body_font_size=\"22px\" body_line_height=\"1.4em\" module_alignment=\"left\" custom_margin=\"||10px||false|false\" custom_padding=\"||0px||false|false\" animation=\"left\" locked=\"off\" global_colors_info=\"{}\"]<\/p><p>Gros VUS<\/p><p>[\/et_pb_blurb][et_pb_text _builder_version=\"4.24.3\" _module_preset=\"default\" custom_margin=\"||5px||false|false\" custom_padding=\"||||false|false\" global_colors_info=\"{}\"]<\/p><h2>VUS corporatif<\/h2><ul><li>VUS corporatif pouvant accueillir jusqu'\u00e0 6 passagers. Notez que pour votre confort nous vous recommandons 4 ou 5 passagers maximum.<\/li><li>Ce sont les v\u00e9hicules parfait pour un petit groupe.<\/li><li>Les si\u00e8ges sont en cuir.<\/li><\/ul><p><strong>Capacit\u00e9 :<\/strong><\/p><p>[\/et_pb_text][et_pb_blurb use_icon=\"on\" font_icon=\"\uf007||fa||900\" icon_placement=\"left\" content_max_width=\"100%\" _builder_version=\"4.24.3\" _module_preset=\"default\" body_font_size=\"20px\" body_line_height=\"1.4em\" module_alignment=\"left\" custom_margin=\"||10px||false|false\" custom_padding=\"|||15px|false|false\" global_colors_info=\"{}\"]<\/p><p>1-6 passagers<\/p><p>[\/et_pb_blurb][et_pb_blurb use_icon=\"on\" font_icon=\"\uf5c1||fa||900\" icon_placement=\"left\" image_icon_width=\"34px\" content_max_width=\"100%\" _builder_version=\"4.24.3\" _module_preset=\"default\" body_font_size=\"20px\" body_line_height=\"1.4em\" image_icon_custom_padding=\"|||1px|false|false\" module_alignment=\"left\" custom_margin=\"||10px||false|false\" custom_padding=\"|||15px|false|false\" global_colors_info=\"{}\"]<\/p><p>5 valises grand format maximum<\/p><p>[\/et_pb_blurb][et_pb_blurb use_icon=\"on\" font_icon=\"\uf0f2||fa||900\" icon_placement=\"left\" content_max_width=\"100%\" _builder_version=\"4.24.3\" _module_preset=\"default\" body_font_size=\"20px\" body_line_height=\"1.4em\" module_alignment=\"left\" custom_margin=\"||30px||false|false\" custom_padding=\"|||15px|false|false\" global_colors_info=\"{}\"]<\/p><p>3 bagages de cabine maximum<\/p><p>[\/et_pb_blurb][et_pb_button button_url=\"@ET-DC@eyJkeW5hbWljIjp0cnVlLCJjb250ZW50IjoicG9zdF9saW5rX3VybF9wYWdlIiwic2V0dGluZ3MiOnsicG9zdF9pZCI6IjEzMzUifX0=@\" button_text=\"Demander une soumission\" _builder_version=\"4.24.3\" _dynamic_attributes=\"button_url\" _module_preset=\"default\" global_module=\"1368\" saved_tabs=\"all\" global_colors_info=\"{}\"][\/et_pb_button][\/et_pb_column][\/et_pb_row][et_pb_row column_structure=\"1_2,1_2\" use_custom_gutter=\"on\" gutter_width=\"3\" make_equal=\"on\" _builder_version=\"4.24.3\" _module_preset=\"default\" global_colors_info=\"{}\"][et_pb_column type=\"1_2\" _builder_version=\"4.23.1\" _module_preset=\"default\" global_colors_info=\"{}\"][et_pb_slider _builder_version=\"4.24.3\" _module_preset=\"default\" min_height=\"450px\" auto=\"on\" auto_speed=\"3000\" global_colors_info=\"{}\"][et_pb_slide _builder_version=\"4.24.3\" _module_preset=\"default\" background_enable_color=\"off\" background_image=\"https:\/\/limoquebec.com\/wp-content\/uploads\/2024\/05\/cadillac-escalade-exterieur.webp\" background_enable_image=\"on\" global_colors_info=\"{}\" sticky_transition=\"on\"][\/et_pb_slide][et_pb_slide _builder_version=\"4.24.3\" _module_preset=\"default\" background_enable_color=\"off\" background_image=\"https:\/\/limoquebec.com\/wp-content\/uploads\/2024\/05\/cadillac-escalade-interieur.webp\" background_enable_image=\"on\" global_colors_info=\"{}\" sticky_transition=\"on\"][\/et_pb_slide][et_pb_slide _builder_version=\"4.24.3\" _module_preset=\"default\" background_enable_color=\"off\" background_image=\"https:\/\/limoquebec.com\/wp-content\/uploads\/2024\/05\/cadillac-escalade-exterieur-2.webp\" background_enable_image=\"on\" global_colors_info=\"{}\" sticky_transition=\"on\"][\/et_pb_slide][\/et_pb_slider][\/et_pb_column][et_pb_column type=\"1_2\" _builder_version=\"4.23.1\" _module_preset=\"default\" global_colors_info=\"{}\"][et_pb_blurb alt=\"Gares de train\" image_icon_width=\"0%\" content_max_width=\"100%\" _builder_version=\"4.24.3\" _module_preset=\"default\" body_font=\"|||on|||||\" body_text_color=\"#FF6C00\" body_font_size=\"22px\" body_line_height=\"1.4em\" module_alignment=\"left\" custom_margin=\"||10px||false|false\" custom_padding=\"||0px||false|false\" animation=\"left\" locked=\"off\" global_colors_info=\"{}\"]<\/p><p>VUS de luxe<\/p><p>[\/et_pb_blurb][et_pb_text _builder_version=\"4.24.3\" _module_preset=\"default\" custom_margin=\"||5px||false|false\" custom_padding=\"||||false|false\" global_colors_info=\"{}\"]<\/p><h2>Cadillac Escalade ESV<\/h2><ul><li>Le Cadillac Escalade<\/li><li>Un des VUS les plus luxueux sur le march\u00e9<\/li><li>Peut accueillir jusqu'\u00e0 6 passagers. Pour votre confort nous vous recommandons 4 ou 5 passagers maximum.<\/li><li>Il fait assur\u00e9ment tourner les t\u00eates, il saura vous amener \u00e0 destination s\u00e9curitairement et dans le luxe.<\/li><\/ul><p><strong>Capacit\u00e9 :<\/strong><\/p><p>[\/et_pb_text][et_pb_blurb use_icon=\"on\" font_icon=\"\uf007||fa||900\" icon_placement=\"left\" content_max_width=\"100%\" _builder_version=\"4.24.3\" _module_preset=\"default\" body_font_size=\"20px\" body_line_height=\"1.4em\" module_alignment=\"left\" custom_margin=\"||10px||false|false\" custom_padding=\"|||15px|false|false\" global_colors_info=\"{}\"]<\/p><p>1-6 passagers<\/p><p>[\/et_pb_blurb][et_pb_blurb use_icon=\"on\" font_icon=\"\uf5c1||fa||900\" icon_placement=\"left\" image_icon_width=\"34px\" content_max_width=\"100%\" _builder_version=\"4.24.3\" _module_preset=\"default\" body_font_size=\"20px\" body_line_height=\"1.4em\" image_icon_custom_padding=\"|||1px|false|false\" module_alignment=\"left\" custom_margin=\"||10px||false|false\" custom_padding=\"|||15px|false|false\" global_colors_info=\"{}\"]<\/p><p>5 valises grand format maximum<\/p><p>[\/et_pb_blurb][et_pb_blurb use_icon=\"on\" font_icon=\"\uf0f2||fa||900\" icon_placement=\"left\" content_max_width=\"100%\" _builder_version=\"4.24.3\" _module_preset=\"default\" body_font_size=\"20px\" body_line_height=\"1.4em\" module_alignment=\"left\" custom_margin=\"||30px||false|false\" custom_padding=\"|||15px|false|false\" global_colors_info=\"{}\"]<\/p><p>3 bagages de cabine maximum<\/p><p>[\/et_pb_blurb][et_pb_button button_url=\"@ET-DC@eyJkeW5hbWljIjp0cnVlLCJjb250ZW50IjoicG9zdF9saW5rX3VybF9wYWdlIiwic2V0dGluZ3MiOnsicG9zdF9pZCI6IjEzMzUifX0=@\" button_text=\"Demander une soumission\" _builder_version=\"4.24.3\" _dynamic_attributes=\"button_url\" _module_preset=\"default\" global_module=\"1368\" saved_tabs=\"all\" global_colors_info=\"{}\"][\/et_pb_button][\/et_pb_column][\/et_pb_row][et_pb_row column_structure=\"1_2,1_2\" use_custom_gutter=\"on\" gutter_width=\"3\" make_equal=\"on\" _builder_version=\"4.24.3\" _module_preset=\"default\" global_colors_info=\"{}\"][et_pb_column type=\"1_2\" _builder_version=\"4.23.1\" _module_preset=\"default\" global_colors_info=\"{}\"][et_pb_slider _builder_version=\"4.24.3\" _module_preset=\"default\" min_height=\"450px\" auto=\"on\" auto_speed=\"3000\" global_colors_info=\"{}\"][et_pb_slide _builder_version=\"4.24.3\" _module_preset=\"default\" background_enable_color=\"off\" background_image=\"https:\/\/limoquebec.com\/wp-content\/uploads\/2024\/05\/Van-Standard-9-passagers-exterieur.webp\" background_enable_image=\"on\" global_colors_info=\"{}\" sticky_transition=\"on\"][\/et_pb_slide][et_pb_slide _builder_version=\"4.24.3\" _module_preset=\"default\" background_enable_color=\"off\" background_image=\"https:\/\/limoquebec.com\/wp-content\/uploads\/2024\/05\/Van-Standard-9-passagers-exterieur-2.webp\" background_enable_image=\"on\" global_colors_info=\"{}\" sticky_transition=\"on\"][\/et_pb_slide][\/et_pb_slider][\/et_pb_column][et_pb_column type=\"1_2\" _builder_version=\"4.23.1\" _module_preset=\"default\" global_colors_info=\"{}\"][et_pb_blurb alt=\"Gares de train\" image_icon_width=\"0%\" content_max_width=\"100%\" _builder_version=\"4.24.3\" _module_preset=\"default\" body_font=\"|||on|||||\" body_text_color=\"#FF6C00\" body_font_size=\"22px\" body_line_height=\"1.4em\" module_alignment=\"left\" custom_margin=\"||10px||false|false\" custom_padding=\"||0px||false|false\" animation=\"left\" locked=\"off\" global_colors_info=\"{}\"]<\/p><p>Grande capacit\u00e9<\/p><p>[\/et_pb_blurb][et_pb_text _builder_version=\"4.24.3\" _module_preset=\"default\" custom_margin=\"||5px||false|false\" custom_padding=\"||||false|false\" global_colors_info=\"{}\"]<\/p><h2>Van standard - 9 passagers<\/h2><p>Le v\u00e9hicule parfait pour transporter un petit\u00a0groupe. Nos Vans peuvent accueillir jusqu'\u00e0 9 passagers avec 2 valises chacuns. Ce sont des Ford Transit ou des Mercedes Sprinter.<\/p><p><strong>Capacit\u00e9 :<\/strong><\/p><p>[\/et_pb_text][et_pb_blurb use_icon=\"on\" font_icon=\"\uf007||fa||900\" icon_placement=\"left\" content_max_width=\"100%\" _builder_version=\"4.24.3\" _module_preset=\"default\" body_font_size=\"20px\" body_line_height=\"1.4em\" module_alignment=\"left\" custom_margin=\"||10px||false|false\" custom_padding=\"|||15px|false|false\" global_colors_info=\"{}\"]<\/p><p>1-9 passagers<\/p><p>[\/et_pb_blurb][et_pb_blurb use_icon=\"on\" font_icon=\"\uf5c1||fa||900\" icon_placement=\"left\" image_icon_width=\"34px\" content_max_width=\"100%\" _builder_version=\"4.24.3\" _module_preset=\"default\" body_font_size=\"20px\" body_line_height=\"1.4em\" image_icon_custom_padding=\"|||1px|false|false\" module_alignment=\"left\" custom_margin=\"||10px||false|false\" custom_padding=\"|||15px|false|false\" global_colors_info=\"{}\"]<\/p><p>9 valises grand format maximum<\/p><p>[\/et_pb_blurb][et_pb_blurb use_icon=\"on\" font_icon=\"\uf0f2||fa||900\" icon_placement=\"left\" content_max_width=\"100%\" _builder_version=\"4.24.3\" _module_preset=\"default\" body_font_size=\"20px\" body_line_height=\"1.4em\" module_alignment=\"left\" custom_margin=\"||30px||false|false\" custom_padding=\"|||15px|false|false\" global_colors_info=\"{}\"]<\/p><p>9 bagages de cabine maximum<\/p><p>[\/et_pb_blurb][et_pb_button button_url=\"@ET-DC@eyJkeW5hbWljIjp0cnVlLCJjb250ZW50IjoicG9zdF9saW5rX3VybF9wYWdlIiwic2V0dGluZ3MiOnsicG9zdF9pZCI6IjEzMzUifX0=@\" button_text=\"Demander une soumission\" _builder_version=\"4.24.3\" _dynamic_attributes=\"button_url\" _module_preset=\"default\" global_module=\"1368\" saved_tabs=\"all\" global_colors_info=\"{}\"][\/et_pb_button][\/et_pb_column][\/et_pb_row][et_pb_row column_structure=\"1_2,1_2\" use_custom_gutter=\"on\" gutter_width=\"3\" make_equal=\"on\" _builder_version=\"4.24.3\" _module_preset=\"default\" global_colors_info=\"{}\"][et_pb_column type=\"1_2\" _builder_version=\"4.23.1\" _module_preset=\"default\" global_colors_info=\"{}\"][et_pb_slider _builder_version=\"4.24.3\" _module_preset=\"default\" min_height=\"450px\" auto=\"on\" auto_speed=\"3000\" global_colors_info=\"{}\"][et_pb_slide _builder_version=\"4.24.3\" _module_preset=\"default\" background_enable_color=\"off\" background_image=\"https:\/\/limoquebec.com\/wp-content\/uploads\/2024\/05\/Mercedes-Sprinter-Executif-exterieur.webp\" background_enable_image=\"on\" global_colors_info=\"{}\" sticky_transition=\"on\"][\/et_pb_slide][et_pb_slide _builder_version=\"4.24.3\" _module_preset=\"default\" background_enable_color=\"off\" background_image=\"https:\/\/limoquebec.com\/wp-content\/uploads\/2024\/05\/Mercedes-Sprinter-Executif-interieur.webp\" background_enable_image=\"on\" global_colors_info=\"{}\" sticky_transition=\"on\"][\/et_pb_slide][et_pb_slide _builder_version=\"4.24.3\" _module_preset=\"default\" background_enable_color=\"off\" background_image=\"https:\/\/limoquebec.com\/wp-content\/uploads\/2024\/05\/Mercedes-Sprinter-Executif-interieur-2.webp\" background_enable_image=\"on\" global_colors_info=\"{}\" sticky_transition=\"on\"][\/et_pb_slide][et_pb_slide _builder_version=\"4.24.3\" _module_preset=\"default\" background_enable_color=\"off\" background_image=\"https:\/\/limoquebec.com\/wp-content\/uploads\/2024\/05\/Mercedes-Sprinter-Executif-interieur-3.webp\" background_enable_image=\"on\" global_colors_info=\"{}\" sticky_transition=\"on\"][\/et_pb_slide][\/et_pb_slider][\/et_pb_column][et_pb_column type=\"1_2\" _builder_version=\"4.23.1\" _module_preset=\"default\" global_colors_info=\"{}\"][et_pb_blurb alt=\"Gares de train\" image_icon_width=\"0%\" content_max_width=\"100%\" _builder_version=\"4.24.3\" _module_preset=\"default\" body_font=\"|||on|||||\" body_text_color=\"#FF6C00\" body_font_size=\"22px\" body_line_height=\"1.4em\" module_alignment=\"left\" custom_margin=\"||10px||false|false\" custom_padding=\"||0px||false|false\" animation=\"left\" locked=\"off\" global_colors_info=\"{}\"]<\/p><p>Grande capacit\u00e9<\/p><p>[\/et_pb_blurb][et_pb_text _builder_version=\"4.24.3\" _module_preset=\"default\" custom_margin=\"||5px||false|false\" custom_padding=\"||||false|false\" global_colors_info=\"{}\"]<\/p><h2>Mercedes Sprinter Ex\u00e9cutif<\/h2><p>Offrez-vous ce v\u00e9hicule compl\u00e8tement unique con\u00e7u sur mesure pour vous offrir le plus grand des conforts. Avec son int\u00e9rieur donnant l'effet d'un jet priv\u00e9, c'est le v\u00e9hicule id\u00e9al pour vos d\u00e9placements longues distances ou locaux. Il est muni d'un syst\u00e8me de son haut de gamme, de deux t\u00e9l\u00e9viseurs. Il y a une s\u00e9paration entre le chauffeur et l'arri\u00e8re du v\u00e9hicule pour vous offrir plus de discr\u00e9tion.<\/p><p><strong>Capacit\u00e9 :<\/strong><\/p><p>[\/et_pb_text][et_pb_blurb use_icon=\"on\" font_icon=\"\uf007||fa||900\" icon_placement=\"left\" content_max_width=\"100%\" _builder_version=\"4.24.3\" _module_preset=\"default\" body_font_size=\"20px\" body_line_height=\"1.4em\" module_alignment=\"left\" custom_margin=\"||10px||false|false\" custom_padding=\"|||15px|false|false\" global_colors_info=\"{}\"]<\/p><p>1-8 passagers<\/p><p>[\/et_pb_blurb][et_pb_blurb use_icon=\"on\" font_icon=\"\uf5c1||fa||900\" icon_placement=\"left\" image_icon_width=\"34px\" content_max_width=\"100%\" _builder_version=\"4.24.3\" _module_preset=\"default\" body_font_size=\"20px\" body_line_height=\"1.4em\" image_icon_custom_padding=\"|||1px|false|false\" module_alignment=\"left\" custom_margin=\"||10px||false|false\" custom_padding=\"|||15px|false|false\" global_colors_info=\"{}\"]<\/p><p>9 valises grand format maximum<\/p><p>[\/et_pb_blurb][et_pb_blurb use_icon=\"on\" font_icon=\"\uf0f2||fa||900\" icon_placement=\"left\" content_max_width=\"100%\" _builder_version=\"4.24.3\" _module_preset=\"default\" body_font_size=\"20px\" body_line_height=\"1.4em\" module_alignment=\"left\" custom_margin=\"||30px||false|false\" custom_padding=\"|||15px|false|false\" global_colors_info=\"{}\"]<\/p><p>9 bagages de cabine maximum<\/p><p>[\/et_pb_blurb][et_pb_button button_url=\"@ET-DC@eyJkeW5hbWljIjp0cnVlLCJjb250ZW50IjoicG9zdF9saW5rX3VybF9wYWdlIiwic2V0dGluZ3MiOnsicG9zdF9pZCI6IjEzMzUifX0=@\" button_text=\"Demander une soumission\" _builder_version=\"4.24.3\" _dynamic_attributes=\"button_url\" _module_preset=\"default\" global_module=\"1368\" saved_tabs=\"all\" global_colors_info=\"{}\"][\/et_pb_button][\/et_pb_column][\/et_pb_row][\/et_pb_section]<\/p>","_et_gb_content_width":"","footnotes":""},"class_list":["post-1644","page","type-page","status-publish","hentry"],"yoast_head":"<!-- This site is optimized with the Yoast SEO plugin v27.5 - https:\/\/yoast.com\/product\/yoast-seo-wordpress\/ -->\n<title>RENT A LIMOUSINE -Limo Transportation Quebec, Rental<\/title>\n<meta name=\"description\" content=\"Groupe Limo Qu\u00e9bec is a reference for limo transportation in Quebec. Discover our luxurious vehicles and rent a limousine for your special events in Quebec.\" \/>\n<meta name=\"robots\" content=\"index, follow, max-snippet:-1, max-image-preview:large, max-video-preview:-1\" \/>\n<link rel=\"canonical\" href=\"https:\/\/limoquebec.com\/en\/our-vehicles-limousines\/\" \/>\n<meta property=\"og:locale\" content=\"en_US\" \/>\n<meta property=\"og:type\" content=\"article\" \/>\n<meta property=\"og:title\" content=\"RENT A LIMOUSINE -Limo Transportation Quebec, Rental\" \/>\n<meta property=\"og:description\" content=\"Groupe Limo Qu\u00e9bec is a reference for limo transportation in Quebec. Discover our luxurious vehicles and rent a limousine for your special events in Quebec.\" \/>\n<meta property=\"og:url\" content=\"https:\/\/limoquebec.com\/en\/our-vehicles-limousines\/\" \/>\n<meta property=\"og:site_name\" content=\"LIMOUSINE QU\u00c9BEC\" \/>\n<meta property=\"article:modified_time\" content=\"2025-05-16T14:15:14+00:00\" \/>\n<meta name=\"twitter:card\" content=\"summary_large_image\" \/>\n<meta name=\"twitter:label1\" content=\"Est. reading time\" \/>\n\t<meta name=\"twitter:data1\" content=\"2 minutes\" \/>\n<script type=\"application\/ld+json\" class=\"yoast-schema-graph\">{\"@context\":\"https:\\\/\\\/schema.org\",\"@graph\":[{\"@type\":\"WebPage\",\"@id\":\"https:\\\/\\\/limoquebec.com\\\/en\\\/our-vehicles-limousines\\\/\",\"url\":\"https:\\\/\\\/limoquebec.com\\\/en\\\/our-vehicles-limousines\\\/\",\"name\":\"RENT A LIMOUSINE -Limo Transportation Quebec, Rental\",\"isPartOf\":{\"@id\":\"https:\\\/\\\/limoquebec.com\\\/en\\\/#website\"},\"datePublished\":\"2024-04-09T22:41:38+00:00\",\"dateModified\":\"2025-05-16T14:15:14+00:00\",\"description\":\"Groupe Limo Qu\u00e9bec is a reference for limo transportation in Quebec. Discover our luxurious vehicles and rent a limousine for your special events in Quebec.\",\"breadcrumb\":{\"@id\":\"https:\\\/\\\/limoquebec.com\\\/en\\\/our-vehicles-limousines\\\/#breadcrumb\"},\"inLanguage\":\"en-US\",\"potentialAction\":[{\"@type\":\"ReadAction\",\"target\":[\"https:\\\/\\\/limoquebec.com\\\/en\\\/our-vehicles-limousines\\\/\"]}]},{\"@type\":\"BreadcrumbList\",\"@id\":\"https:\\\/\\\/limoquebec.com\\\/en\\\/our-vehicles-limousines\\\/#breadcrumb\",\"itemListElement\":[{\"@type\":\"ListItem\",\"position\":1,\"name\":\"Limousine Qu\u00e9bec\",\"item\":\"https:\\\/\\\/limoquebec.com\\\/en\\\/\"},{\"@type\":\"ListItem\",\"position\":2,\"name\":\"Vehicles\"}]},{\"@type\":\"WebSite\",\"@id\":\"https:\\\/\\\/limoquebec.com\\\/en\\\/#website\",\"url\":\"https:\\\/\\\/limoquebec.com\\\/en\\\/\",\"name\":\"LIMOUSINE QU\u00c9BEC\",\"description\":\"Service de location de limousines \u00e0 Qu\u00e9bec\",\"potentialAction\":[{\"@type\":\"SearchAction\",\"target\":{\"@type\":\"EntryPoint\",\"urlTemplate\":\"https:\\\/\\\/limoquebec.com\\\/en\\\/?s={search_term_string}\"},\"query-input\":{\"@type\":\"PropertyValueSpecification\",\"valueRequired\":true,\"valueName\":\"search_term_string\"}}],\"inLanguage\":\"en-US\"}]}<\/script>\n<!-- \/ Yoast SEO plugin. -->","yoast_head_json":{"title":"RENT A LIMOUSINE -Limo Transportation Quebec, Rental","description":"Groupe Limo Qu\u00e9bec is a reference for limo transportation in Quebec. Discover our luxurious vehicles and rent a limousine for your special events in Quebec.","robots":{"index":"index","follow":"follow","max-snippet":"max-snippet:-1","max-image-preview":"max-image-preview:large","max-video-preview":"max-video-preview:-1"},"canonical":"https:\/\/limoquebec.com\/en\/our-vehicles-limousines\/","og_locale":"en_US","og_type":"article","og_title":"RENT A LIMOUSINE -Limo Transportation Quebec, Rental","og_description":"Groupe Limo Qu\u00e9bec is a reference for limo transportation in Quebec. Discover our luxurious vehicles and rent a limousine for your special events in Quebec.","og_url":"https:\/\/limoquebec.com\/en\/our-vehicles-limousines\/","og_site_name":"LIMOUSINE QU\u00c9BEC","article_modified_time":"2025-05-16T14:15:14+00:00","twitter_card":"summary_large_image","twitter_misc":{"Est. reading time":"2 minutes"},"schema":{"@context":"https:\/\/schema.org","@graph":[{"@type":"WebPage","@id":"https:\/\/limoquebec.com\/en\/our-vehicles-limousines\/","url":"https:\/\/limoquebec.com\/en\/our-vehicles-limousines\/","name":"RENT A LIMOUSINE -Limo Transportation Quebec, Rental","isPartOf":{"@id":"https:\/\/limoquebec.com\/en\/#website"},"datePublished":"2024-04-09T22:41:38+00:00","dateModified":"2025-05-16T14:15:14+00:00","description":"Groupe Limo Qu\u00e9bec is a reference for limo transportation in Quebec. Discover our luxurious vehicles and rent a limousine for your special events in Quebec.","breadcrumb":{"@id":"https:\/\/limoquebec.com\/en\/our-vehicles-limousines\/#breadcrumb"},"inLanguage":"en-US","potentialAction":[{"@type":"ReadAction","target":["https:\/\/limoquebec.com\/en\/our-vehicles-limousines\/"]}]},{"@type":"BreadcrumbList","@id":"https:\/\/limoquebec.com\/en\/our-vehicles-limousines\/#breadcrumb","itemListElement":[{"@type":"ListItem","position":1,"name":"Limousine Qu\u00e9bec","item":"https:\/\/limoquebec.com\/en\/"},{"@type":"ListItem","position":2,"name":"Vehicles"}]},{"@type":"WebSite","@id":"https:\/\/limoquebec.com\/en\/#website","url":"https:\/\/limoquebec.com\/en\/","name":"LIMOUSINE QU\u00c9BEC","description":"Service de location de limousines \u00e0 Qu\u00e9bec","potentialAction":[{"@type":"SearchAction","target":{"@type":"EntryPoint","urlTemplate":"https:\/\/limoquebec.com\/en\/?s={search_term_string}"},"query-input":{"@type":"PropertyValueSpecification","valueRequired":true,"valueName":"search_term_string"}}],"inLanguage":"en-US"}]}},"_links":{"self":[{"href":"https:\/\/limoquebec.com\/en\/wp-json\/wp\/v2\/pages\/1644","targetHints":{"allow":["GET"]}}],"collection":[{"href":"https:\/\/limoquebec.com\/en\/wp-json\/wp\/v2\/pages"}],"about":[{"href":"https:\/\/limoquebec.com\/en\/wp-json\/wp\/v2\/types\/page"}],"author":[{"embeddable":true,"href":"https:\/\/limoquebec.com\/en\/wp-json\/wp\/v2\/users\/1"}],"replies":[{"embeddable":true,"href":"https:\/\/limoquebec.com\/en\/wp-json\/wp\/v2\/comments?post=1644"}],"version-history":[{"count":12,"href":"https:\/\/limoquebec.com\/en\/wp-json\/wp\/v2\/pages\/1644\/revisions"}],"predecessor-version":[{"id":1887,"href":"https:\/\/limoquebec.com\/en\/wp-json\/wp\/v2\/pages\/1644\/revisions\/1887"}],"wp:attachment":[{"href":"https:\/\/limoquebec.com\/en\/wp-json\/wp\/v2\/media?parent=1644"}],"curies":[{"name":"wp","href":"https:\/\/api.w.org\/{rel}","templated":true}]}}